{"id":720652,"date":"2026-04-07T00:00:00","date_gmt":"2026-04-07T00:00:00","guid":{"rendered":"https:\/\/fransmelk.nl\/wp-content\/uploads\/product\/134416-constant-cezanne-a-propos-de-cezanne-aantekeningen-naar-aanleiding-van-de-tentoonstelling-cezanne-les-dernieres-annees-1895-1906\/"},"modified":"2026-04-07T00:00:00","modified_gmt":"2026-04-07T00:00:00","slug":"134416-constant-cezanne-a-propos-de-cezanne-aantekeningen-naar-aanleiding-van-de-tentoonstelling-cezanne-les-dernieres-annees-1895-1906","status":"publish","type":"product","link":"https:\/\/fransmelk.nl\/?product=134416-constant-cezanne-a-propos-de-cezanne-aantekeningen-naar-aanleiding-van-de-tentoonstelling-cezanne-les-dernieres-annees-1895-1906","title":{"rendered":"CONSTANT. C\u00e9ZANNE. A Propos de Cezanne.  Aantekeningen naar aanleiding van de tentoonstelling Cezanne, Les derni\u00e8res ann\u00e9es, 1895-1906."},"content":{"rendered":"<p>\n      A Propos de Cezanne.  Aantekeningen naar aanleiding van de tentoonstelling Cezanne, Les derni&egrave;res ann&eacute;es, 1895-1906.\n    <\/p>\n<p> Paris, Grand palais, 20 Avril &#8211; 23 Juillet 1978. Softcover. 19,5 x 15 cm. 22 pag. Nederlandstalig &#8211; MOOI EXEMPLAAR [Art \/ international artist [Buitenlandse Kunstenaars]]<\/p>\n","protected":false},"excerpt":{"rendered":"<p>A Propos de Cezanne. Aantekeningen naar aanleiding van de tentoonstelling Cezanne, Les derni&egrave;res ann&eacute;es, 1895-1906. Paris, Grand palais, 20 Avril &#8211; 23 Juillet 1978. Softcover. 19,5 x 15 cm. 22 pag. Nederlandstalig &#8211; MOOI EXEMPLAAR [Art \/ international artist [Buitenlandse Kunstenaars]]<\/p>\n","protected":false},"featured_media":720653,"template":"","meta":{"inline_featured_image":false},"product_cat":[981],"product_tag":[],"class_list":{"0":"post-720652","1":"product","2":"type-product","3":"status-publish","4":"has-post-thumbnail","6":"product_cat-buitenlandse-kunstenaars","8":"first","9":"instock","10":"shipping-taxable","11":"purchasable","12":"product-type-simple"},"yoast_head":"<!-- This site is optimized with the Yoast SEO plugin v27.5 - https:\/\/yoast.com\/product\/yoast-seo-wordpress\/ -->\n<title>CONSTANT. C\u00e9ZANNE. A Propos de Cezanne. Aantekeningen naar aanleiding van de tentoonstelling Cezanne, Les derni\u00e8res ann\u00e9es, 1895-1906. - Antiquariaat Frans Melk<\/title>\n<meta name=\"robots\" content=\"index, follow, max-snippet:-1, max-image-preview:large, max-video-preview:-1\" \/>\n<link rel=\"canonical\" href=\"https:\/\/fransmelk.nl\/?product=134416-constant-cezanne-a-propos-de-cezanne-aantekeningen-naar-aanleiding-van-de-tentoonstelling-cezanne-les-dernieres-annees-1895-1906\" \/>\n<meta property=\"og:locale\" content=\"nl_NL\" \/>\n<meta property=\"og:type\" content=\"article\" \/>\n<meta property=\"og:title\" content=\"CONSTANT. C\u00e9ZANNE. A Propos de Cezanne. Aantekeningen naar aanleiding van de tentoonstelling Cezanne, Les derni\u00e8res ann\u00e9es, 1895-1906. - Antiquariaat Frans Melk\" \/>\n<meta property=\"og:description\" content=\"A Propos de Cezanne. Aantekeningen naar aanleiding van de tentoonstelling Cezanne, Les derni&egrave;res ann&eacute;es, 1895-1906. Paris, Grand palais, 20 Avril &#8211; 23 Juillet 1978. Softcover. 19,5 x 15 cm. 22 pag. Nederlandstalig &#8211; MOOI EXEMPLAAR [Art \/ international artist [Buitenlandse Kunstenaars]]\" \/>\n<meta property=\"og:url\" content=\"https:\/\/fransmelk.nl\/?product=134416-constant-cezanne-a-propos-de-cezanne-aantekeningen-naar-aanleiding-van-de-tentoonstelling-cezanne-les-dernieres-annees-1895-1906\" \/>\n<meta property=\"og:site_name\" content=\"Antiquariaat Frans Melk\" \/>\n<meta property=\"og:image\" content=\"https:\/\/fransmelk.nl\/wp-content\/uploads\/\/134416.jpg\" \/>\n\t<meta property=\"og:image:width\" content=\"1\" \/>\n\t<meta property=\"og:image:height\" content=\"1\" \/>\n\t<meta property=\"og:image:type\" content=\"image\/jpeg\" \/>\n<meta name=\"twitter:card\" content=\"summary_large_image\" \/>\n<script type=\"application\/ld+json\" class=\"yoast-schema-graph\">{\"@context\":\"https:\\\/\\\/schema.org\",\"@graph\":[{\"@type\":\"WebPage\",\"@id\":\"https:\\\/\\\/fransmelk.nl\\\/?product=134416-constant-cezanne-a-propos-de-cezanne-aantekeningen-naar-aanleiding-van-de-tentoonstelling-cezanne-les-dernieres-annees-1895-1906\",\"url\":\"https:\\\/\\\/fransmelk.nl\\\/?product=134416-constant-cezanne-a-propos-de-cezanne-aantekeningen-naar-aanleiding-van-de-tentoonstelling-cezanne-les-dernieres-annees-1895-1906\",\"name\":\"CONSTANT. C\u00e9ZANNE. A Propos de Cezanne. Aantekeningen naar aanleiding van de tentoonstelling Cezanne, Les derni\u00e8res ann\u00e9es, 1895-1906. - Antiquariaat Frans Melk\",\"isPartOf\":{\"@id\":\"https:\\\/\\\/fransmelk.nl\\\/#website\"},\"primaryImageOfPage\":{\"@id\":\"https:\\\/\\\/fransmelk.nl\\\/?product=134416-constant-cezanne-a-propos-de-cezanne-aantekeningen-naar-aanleiding-van-de-tentoonstelling-cezanne-les-dernieres-annees-1895-1906#primaryimage\"},\"image\":{\"@id\":\"https:\\\/\\\/fransmelk.nl\\\/?product=134416-constant-cezanne-a-propos-de-cezanne-aantekeningen-naar-aanleiding-van-de-tentoonstelling-cezanne-les-dernieres-annees-1895-1906#primaryimage\"},\"thumbnailUrl\":\"https:\\\/\\\/fransmelk.nl\\\/wp-content\\\/uploads\\\/\\\/134416.jpg\",\"datePublished\":\"2026-04-07T00:00:00+00:00\",\"breadcrumb\":{\"@id\":\"https:\\\/\\\/fransmelk.nl\\\/?product=134416-constant-cezanne-a-propos-de-cezanne-aantekeningen-naar-aanleiding-van-de-tentoonstelling-cezanne-les-dernieres-annees-1895-1906#breadcrumb\"},\"inLanguage\":\"nl-NL\",\"potentialAction\":[{\"@type\":\"ReadAction\",\"target\":[\"https:\\\/\\\/fransmelk.nl\\\/?product=134416-constant-cezanne-a-propos-de-cezanne-aantekeningen-naar-aanleiding-van-de-tentoonstelling-cezanne-les-dernieres-annees-1895-1906\"]}]},{\"@type\":\"ImageObject\",\"inLanguage\":\"nl-NL\",\"@id\":\"https:\\\/\\\/fransmelk.nl\\\/?product=134416-constant-cezanne-a-propos-de-cezanne-aantekeningen-naar-aanleiding-van-de-tentoonstelling-cezanne-les-dernieres-annees-1895-1906#primaryimage\",\"url\":\"https:\\\/\\\/fransmelk.nl\\\/wp-content\\\/uploads\\\/\\\/134416.jpg\",\"contentUrl\":\"https:\\\/\\\/fransmelk.nl\\\/wp-content\\\/uploads\\\/\\\/134416.jpg\",\"caption\":\"CONSTANT. C\u00e9ZANNE. A Propos de Cezanne. Aantekeningen naar aanleiding van de tentoonstelling Cezanne, Les derni\u00e8res ann\u00e9es, 1895-1906.\"},{\"@type\":\"BreadcrumbList\",\"@id\":\"https:\\\/\\\/fransmelk.nl\\\/?product=134416-constant-cezanne-a-propos-de-cezanne-aantekeningen-naar-aanleiding-van-de-tentoonstelling-cezanne-les-dernieres-annees-1895-1906#breadcrumb\",\"itemListElement\":[{\"@type\":\"ListItem\",\"position\":1,\"name\":\"Home\",\"item\":\"https:\\\/\\\/fransmelk.nl\\\/\"},{\"@type\":\"ListItem\",\"position\":2,\"name\":\"Winkel\",\"item\":\"https:\\\/\\\/fransmelk.nl\\\/?page_id=6\"},{\"@type\":\"ListItem\",\"position\":3,\"name\":\"CONSTANT. C\u00e9ZANNE. A Propos de Cezanne. Aantekeningen naar aanleiding van de tentoonstelling Cezanne, Les derni\u00e8res ann\u00e9es, 1895-1906.\"}]},{\"@type\":\"WebSite\",\"@id\":\"https:\\\/\\\/fransmelk.nl\\\/#website\",\"url\":\"https:\\\/\\\/fransmelk.nl\\\/\",\"name\":\"Antiquariaat Frans Melk\",\"description\":\"{:nl}Antiquariaat Frans Melk{:}{:en}Antiquariaat Frans Melk{:}\",\"publisher\":{\"@id\":\"https:\\\/\\\/fransmelk.nl\\\/#organization\"},\"potentialAction\":[{\"@type\":\"SearchAction\",\"target\":{\"@type\":\"EntryPoint\",\"urlTemplate\":\"https:\\\/\\\/fransmelk.nl\\\/?s={search_term_string}\"},\"query-input\":{\"@type\":\"PropertyValueSpecification\",\"valueRequired\":true,\"valueName\":\"search_term_string\"}}],\"inLanguage\":\"nl-NL\"},{\"@type\":\"Organization\",\"@id\":\"https:\\\/\\\/fransmelk.nl\\\/#organization\",\"name\":\"Antiquariaat Frans Melk\",\"url\":\"https:\\\/\\\/fransmelk.nl\\\/\",\"logo\":{\"@type\":\"ImageObject\",\"inLanguage\":\"nl-NL\",\"@id\":\"https:\\\/\\\/fransmelk.nl\\\/#\\\/schema\\\/logo\\\/image\\\/\",\"url\":\"https:\\\/\\\/fransmelk.nl\\\/wp-content\\\/uploads\\\/2024\\\/02\\\/cropped-logo-transparant.png\",\"contentUrl\":\"https:\\\/\\\/fransmelk.nl\\\/wp-content\\\/uploads\\\/2024\\\/02\\\/cropped-logo-transparant.png\",\"width\":1815,\"height\":744,\"caption\":\"Antiquariaat Frans Melk\"},\"image\":{\"@id\":\"https:\\\/\\\/fransmelk.nl\\\/#\\\/schema\\\/logo\\\/image\\\/\"}}]}<\/script>\n<!-- \/ Yoast SEO plugin. -->","yoast_head_json":{"title":"CONSTANT. C\u00e9ZANNE. A Propos de Cezanne. Aantekeningen naar aanleiding van de tentoonstelling Cezanne, Les derni\u00e8res ann\u00e9es, 1895-1906. - Antiquariaat Frans Melk","robots":{"index":"index","follow":"follow","max-snippet":"max-snippet:-1","max-image-preview":"max-image-preview:large","max-video-preview":"max-video-preview:-1"},"canonical":"https:\/\/fransmelk.nl\/?product=134416-constant-cezanne-a-propos-de-cezanne-aantekeningen-naar-aanleiding-van-de-tentoonstelling-cezanne-les-dernieres-annees-1895-1906","og_locale":"nl_NL","og_type":"article","og_title":"CONSTANT. C\u00e9ZANNE. A Propos de Cezanne. Aantekeningen naar aanleiding van de tentoonstelling Cezanne, Les derni\u00e8res ann\u00e9es, 1895-1906. - Antiquariaat Frans Melk","og_description":"A Propos de Cezanne. Aantekeningen naar aanleiding van de tentoonstelling Cezanne, Les derni&egrave;res ann&eacute;es, 1895-1906. Paris, Grand palais, 20 Avril &#8211; 23 Juillet 1978. Softcover. 19,5 x 15 cm. 22 pag. Nederlandstalig &#8211; MOOI EXEMPLAAR [Art \/ international artist [Buitenlandse Kunstenaars]]","og_url":"https:\/\/fransmelk.nl\/?product=134416-constant-cezanne-a-propos-de-cezanne-aantekeningen-naar-aanleiding-van-de-tentoonstelling-cezanne-les-dernieres-annees-1895-1906","og_site_name":"Antiquariaat Frans Melk","og_image":[{"url":"https:\/\/fransmelk.nl\/wp-content\/uploads\/\/134416.jpg","width":1,"height":1,"type":"image\/jpeg"}],"twitter_card":"summary_large_image","schema":{"@context":"https:\/\/schema.org","@graph":[{"@type":"WebPage","@id":"https:\/\/fransmelk.nl\/?product=134416-constant-cezanne-a-propos-de-cezanne-aantekeningen-naar-aanleiding-van-de-tentoonstelling-cezanne-les-dernieres-annees-1895-1906","url":"https:\/\/fransmelk.nl\/?product=134416-constant-cezanne-a-propos-de-cezanne-aantekeningen-naar-aanleiding-van-de-tentoonstelling-cezanne-les-dernieres-annees-1895-1906","name":"CONSTANT. C\u00e9ZANNE. A Propos de Cezanne. Aantekeningen naar aanleiding van de tentoonstelling Cezanne, Les derni\u00e8res ann\u00e9es, 1895-1906. - Antiquariaat Frans Melk","isPartOf":{"@id":"https:\/\/fransmelk.nl\/#website"},"primaryImageOfPage":{"@id":"https:\/\/fransmelk.nl\/?product=134416-constant-cezanne-a-propos-de-cezanne-aantekeningen-naar-aanleiding-van-de-tentoonstelling-cezanne-les-dernieres-annees-1895-1906#primaryimage"},"image":{"@id":"https:\/\/fransmelk.nl\/?product=134416-constant-cezanne-a-propos-de-cezanne-aantekeningen-naar-aanleiding-van-de-tentoonstelling-cezanne-les-dernieres-annees-1895-1906#primaryimage"},"thumbnailUrl":"https:\/\/fransmelk.nl\/wp-content\/uploads\/\/134416.jpg","datePublished":"2026-04-07T00:00:00+00:00","breadcrumb":{"@id":"https:\/\/fransmelk.nl\/?product=134416-constant-cezanne-a-propos-de-cezanne-aantekeningen-naar-aanleiding-van-de-tentoonstelling-cezanne-les-dernieres-annees-1895-1906#breadcrumb"},"inLanguage":"nl-NL","potentialAction":[{"@type":"ReadAction","target":["https:\/\/fransmelk.nl\/?product=134416-constant-cezanne-a-propos-de-cezanne-aantekeningen-naar-aanleiding-van-de-tentoonstelling-cezanne-les-dernieres-annees-1895-1906"]}]},{"@type":"ImageObject","inLanguage":"nl-NL","@id":"https:\/\/fransmelk.nl\/?product=134416-constant-cezanne-a-propos-de-cezanne-aantekeningen-naar-aanleiding-van-de-tentoonstelling-cezanne-les-dernieres-annees-1895-1906#primaryimage","url":"https:\/\/fransmelk.nl\/wp-content\/uploads\/\/134416.jpg","contentUrl":"https:\/\/fransmelk.nl\/wp-content\/uploads\/\/134416.jpg","caption":"CONSTANT. C\u00e9ZANNE. A Propos de Cezanne. Aantekeningen naar aanleiding van de tentoonstelling Cezanne, Les derni\u00e8res ann\u00e9es, 1895-1906."},{"@type":"BreadcrumbList","@id":"https:\/\/fransmelk.nl\/?product=134416-constant-cezanne-a-propos-de-cezanne-aantekeningen-naar-aanleiding-van-de-tentoonstelling-cezanne-les-dernieres-annees-1895-1906#breadcrumb","itemListElement":[{"@type":"ListItem","position":1,"name":"Home","item":"https:\/\/fransmelk.nl\/"},{"@type":"ListItem","position":2,"name":"Winkel","item":"https:\/\/fransmelk.nl\/?page_id=6"},{"@type":"ListItem","position":3,"name":"CONSTANT. C\u00e9ZANNE. A Propos de Cezanne. Aantekeningen naar aanleiding van de tentoonstelling Cezanne, Les derni\u00e8res ann\u00e9es, 1895-1906."}]},{"@type":"WebSite","@id":"https:\/\/fransmelk.nl\/#website","url":"https:\/\/fransmelk.nl\/","name":"Antiquariaat Frans Melk","description":"{:nl}Antiquariaat Frans Melk{:}{:en}Antiquariaat Frans Melk{:}","publisher":{"@id":"https:\/\/fransmelk.nl\/#organization"},"potentialAction":[{"@type":"SearchAction","target":{"@type":"EntryPoint","urlTemplate":"https:\/\/fransmelk.nl\/?s={search_term_string}"},"query-input":{"@type":"PropertyValueSpecification","valueRequired":true,"valueName":"search_term_string"}}],"inLanguage":"nl-NL"},{"@type":"Organization","@id":"https:\/\/fransmelk.nl\/#organization","name":"Antiquariaat Frans Melk","url":"https:\/\/fransmelk.nl\/","logo":{"@type":"ImageObject","inLanguage":"nl-NL","@id":"https:\/\/fransmelk.nl\/#\/schema\/logo\/image\/","url":"https:\/\/fransmelk.nl\/wp-content\/uploads\/2024\/02\/cropped-logo-transparant.png","contentUrl":"https:\/\/fransmelk.nl\/wp-content\/uploads\/2024\/02\/cropped-logo-transparant.png","width":1815,"height":744,"caption":"Antiquariaat Frans Melk"},"image":{"@id":"https:\/\/fransmelk.nl\/#\/schema\/logo\/image\/"}}]}},"lang":"nl","translations":{"nl":720652},"jetpack_sharing_enabled":true,"pll_sync_post":[],"_links":{"self":[{"href":"https:\/\/fransmelk.nl\/index.php?rest_route=\/wp\/v2\/product\/720652","targetHints":{"allow":["GET"]}}],"collection":[{"href":"https:\/\/fransmelk.nl\/index.php?rest_route=\/wp\/v2\/product"}],"about":[{"href":"https:\/\/fransmelk.nl\/index.php?rest_route=\/wp\/v2\/types\/product"}],"version-history":[{"count":0,"href":"https:\/\/fransmelk.nl\/index.php?rest_route=\/wp\/v2\/product\/720652\/revisions"}],"wp:featuredmedia":[{"embeddable":true,"href":"https:\/\/fransmelk.nl\/index.php?rest_route=\/wp\/v2\/media\/720653"}],"wp:attachment":[{"href":"https:\/\/fransmelk.nl\/index.php?rest_route=%2Fwp%2Fv2%2Fmedia&parent=720652"}],"wp:term":[{"taxonomy":"product_cat","embeddable":true,"href":"https:\/\/fransmelk.nl\/index.php?rest_route=%2Fwp%2Fv2%2Fproduct_cat&post=720652"},{"taxonomy":"product_tag","embeddable":true,"href":"https:\/\/fransmelk.nl\/index.php?rest_route=%2Fwp%2Fv2%2Fproduct_tag&post=720652"}],"curies":[{"name":"wp","href":"https:\/\/api.w.org\/{rel}","templated":true}]}}